{"id":542,"date":"2024-06-20T10:02:25","date_gmt":"2024-06-20T10:02:25","guid":{"rendered":"https:\/\/magical-pare.188-95-114-6.plesk.page\/?page_id=542"},"modified":"2025-10-23T10:01:06","modified_gmt":"2025-10-23T10:01:06","slug":"guia-practica-del-real-decreto","status":"publish","type":"page","link":"https:\/\/www.usanca.com\/version2025\/guia-practica-del-real-decreto\/","title":{"rendered":"Gu\u00eda pr\u00e1ctica del real decreto"},"content":{"rendered":"\n[et_pb_section fb_built=\u00bb1&#8243; admin_label=\u00bbHeader\u00bb _builder_version=\u00bb4.19.2&#8243; _module_preset=\u00bbdefault\u00bb overflow-x=\u00bbhidden\u00bb overflow-y=\u00bbhidden\u00bb custom_padding=\u00bb||0px||false|false\u00bb collapsed=\u00bbon\u00bb global_colors_info=\u00bb{}\u00bb][et_pb_row custom_padding_last_edited=\u00bbon|tablet\u00bb _builder_version=\u00bb4.25.1&#8243; _module_preset=\u00bbdefault\u00bb width=\u00bb100%\u00bb max_width=\u00bb80%\u00bb custom_padding=\u00bb26px||75px||false|false\u00bb custom_padding_tablet=\u00bb26px||20px||false|false\u00bb custom_padding_phone=\u00bb26px||20px||false|false\u00bb global_colors_info=\u00bb{}\u00bb][et_pb_column type=\u00bb4_4&#8243; _builder_version=\u00bb4.25.1&#8243; _module_preset=\u00bbdefault\u00bb custom_padding=\u00bb|||218px|false|false\u00bb custom_padding_tablet=\u00bb||30px|0px|false|false\u00bb custom_padding_phone=\u00bb||30px||false|false\u00bb custom_padding_last_edited=\u00bbon|phone\u00bb global_colors_info=\u00bb{}\u00bb][et_pb_text _builder_version=\u00bb4.25.1&#8243; _module_preset=\u00bbe95f84a8-27e2-4256-a2c6-d23cb0e315c9&#8243; custom_margin=\u00bb||10px||false|false\u00bb global_colors_info=\u00bb{}\u00bb header_font_size=\u00bb50px\u00bb]<h1>Gu\u00eda pr\u00e1ctica del real decreto 736\/2020<\/h1>[\/et_pb_text][et_pb_button button_url=\u00bb#contacto\u00bb button_text=\u00bb\u00danete a nuestro sistema\u00bb _builder_version=\u00bb4.25.1&#8243; _module_preset=\u00bbb5c34f9d-0938-41c6-a32f-5462b199a228&#8243; button_text_size=\u00bb16px\u00bb button_text_color=\u00bb#FFFFFF\u00bb button_bg_color_gradient_stops=\u00bb#c61c1f 20%|#681a16 81%\u00bb button_font=\u00bbPoppins|600||on|||||\u00bb custom_margin=\u00bb30px||||false|false\u00bb locked=\u00bboff\u00bb global_colors_info=\u00bb{}\u00bb][\/et_pb_button][\/et_pb_column][\/et_pb_row][\/et_pb_section][et_pb_section fb_built=\u00bb1&#8243; _builder_version=\u00bb4.25.1&#8243; _module_preset=\u00bbdefault\u00bb custom_padding=\u00bb4px||17px|||\u00bb global_colors_info=\u00bb{}\u00bb][et_pb_row _builder_version=\u00bb4.25.1&#8243; _module_preset=\u00bbdefault\u00bb custom_padding=\u00bb8px||14px|||\u00bb global_colors_info=\u00bb{}\u00bb][et_pb_column type=\u00bb4_4&#8243; _builder_version=\u00bb4.25.1&#8243; _module_preset=\u00bbdefault\u00bb global_colors_info=\u00bb{}\u00bb][et_pb_text _builder_version=\u00bb4.25.1&#8243; _module_preset=\u00bbf0236a03-3166-4cee-9b43-21b564088dda\u00bb header_2_font=\u00bbPoppins||||||||\u00bb header_2_font_size=\u00bb35px\u00bb text_orientation=\u00bbcenter\u00bb custom_margin=\u00bb||10px||false|false\u00bb global_colors_info=\u00bb{}\u00bb header_2_text_align=\u00bbleft\u00bb]<h2 style=\"text-align: left;\">Contabilizaci\u00f3n de consumos individuales en instalaciones t\u00e9rmicas de edificios<\/h2>[\/et_pb_text][\/et_pb_column][\/et_pb_row][et_pb_row _builder_version=\u00bb4.25.1&#8243; _module_preset=\u00bbdefault\u00bb custom_padding=\u00bb5px||50px||false|false\u00bb global_colors_info=\u00bb{}\u00bb][et_pb_column type=\u00bb4_4&#8243; _builder_version=\u00bb4.25.1&#8243; _module_preset=\u00bbdefault\u00bb global_colors_info=\u00bb{}\u00bb][et_pb_text _builder_version=\u00bb4.25.1&#8243; _module_preset=\u00bb56278255-1d38-4096-b67b-74d3c10c1313&#8243; text_font=\u00bbPoppins|600|||||||\u00bb text_text_color=\u00bbgcid-ca8b37bd-0f44-4e9d-b0bd-c4a37284711c\u00bb text_font_size=\u00bb20px\u00bb text_letter_spacing=\u00bb0em\u00bb text_line_height=\u00bb1.6em\u00bb custom_margin=\u00bb||11px|||\u00bb text_font_size_phone=\u00bb16px\u00bb global_colors_info=\u00bb{%22gcid-ca8b37bd-0f44-4e9d-b0bd-c4a37284711c%22:%91%22text_text_color%22%93}\u00bb]<p>1. \u00bfCu\u00e1ndo entra en vigor el Real Decreto y qu\u00e9 Directivas transpone?<\/p>[\/et_pb_text][et_pb_text _builder_version=\u00bb4.25.1&#8243; _module_preset=\u00bb56278255-1d38-4096-b67b-74d3c10c1313&#8243; text_font=\u00bbPoppins||||||||\u00bb text_text_color=\u00bbgcid-ca8b37bd-0f44-4e9d-b0bd-c4a37284711c\u00bb text_letter_spacing=\u00bb0em\u00bb text_line_height=\u00bb1.6em\u00bb text_font_size_phone=\u00bb16px\u00bb global_colors_info=\u00bb{%22gcid-ca8b37bd-0f44-4e9d-b0bd-c4a37284711c%22:%91%22text_text_color%22%93}\u00bb]<p><span>El Real Decreto entr\u00f3 en vigor el\u00a0<\/span><strong>7 de agosto de 2020<\/strong><span>, el d\u00eda siguiente a su publicaci\u00f3n en el BOE. Mediante este RD, se transpone la Directiva Europea 2012\/UE\/27 y 2018\/2002, enfocadas a la mejora de la eficiencia energ\u00e9tica y a la contabilizaci\u00f3n individual de consumos.<\/span><\/p>[\/et_pb_text][\/et_pb_column][\/et_pb_row][et_pb_row _builder_version=\u00bb4.25.1&#8243; _module_preset=\u00bbdefault\u00bb custom_padding=\u00bb5px||50px||false|false\u00bb global_colors_info=\u00bb{}\u00bb][et_pb_column type=\u00bb4_4&#8243; _builder_version=\u00bb4.25.1&#8243; _module_preset=\u00bbdefault\u00bb global_colors_info=\u00bb{}\u00bb][et_pb_text _builder_version=\u00bb4.25.1&#8243; _module_preset=\u00bb56278255-1d38-4096-b67b-74d3c10c1313&#8243; text_font=\u00bbPoppins|600|||||||\u00bb text_text_color=\u00bbgcid-ca8b37bd-0f44-4e9d-b0bd-c4a37284711c\u00bb text_font_size=\u00bb20px\u00bb text_letter_spacing=\u00bb0em\u00bb text_line_height=\u00bb1.6em\u00bb custom_margin=\u00bb||11px|||\u00bb text_font_size_phone=\u00bb16px\u00bb global_colors_info=\u00bb{%22gcid-ca8b37bd-0f44-4e9d-b0bd-c4a37284711c%22:%91%22text_text_color%22%93}\u00bb]2. \u00bfA qu\u00e9 obliga la nueva normativa?[\/et_pb_text][et_pb_text _builder_version=\u00bb4.25.1&#8243; _module_preset=\u00bb56278255-1d38-4096-b67b-74d3c10c1313&#8243; text_font=\u00bbPoppins||||||||\u00bb text_text_color=\u00bbgcid-ca8b37bd-0f44-4e9d-b0bd-c4a37284711c\u00bb text_letter_spacing=\u00bb0em\u00bb text_line_height=\u00bb1.6em\u00bb text_font_size_phone=\u00bb16px\u00bb global_colors_info=\u00bb{%22gcid-ca8b37bd-0f44-4e9d-b0bd-c4a37284711c%22:%91%22text_text_color%22%93}\u00bb]<p><span>La normativa obliga a todos los edificios con un sistema centralizado de calefacci\u00f3n y\/o refrigeraci\u00f3n a\u00a0<\/span><strong>instalar contadores de energ\u00eda<\/strong><span>\u00a0y, en caso de que no sea t\u00e9cnicamente viable (cuando la distribuci\u00f3n de la calefacci\u00f3n sea por columnas),\u00a0<\/span><strong>repartidores de costes<\/strong><span>, con el\u00a0<\/span><strong>objetivo de que cada vecino pague por su consumo real<\/strong><span>\u00a0de calefacci\u00f3n y\/o de refrigeraci\u00f3n. En dichas comunidades, el reparto por coeficiente ya no estar\u00e1 autorizado.<\/span><\/p>[\/et_pb_text][\/et_pb_column][\/et_pb_row][et_pb_row _builder_version=\u00bb4.25.1&#8243; _module_preset=\u00bbdefault\u00bb custom_padding=\u00bb5px||50px||false|false\u00bb global_colors_info=\u00bb{}\u00bb][et_pb_column type=\u00bb4_4&#8243; _builder_version=\u00bb4.25.1&#8243; _module_preset=\u00bbdefault\u00bb global_colors_info=\u00bb{}\u00bb][et_pb_text _builder_version=\u00bb4.25.1&#8243; _module_preset=\u00bb56278255-1d38-4096-b67b-74d3c10c1313&#8243; text_font=\u00bbPoppins|600|||||||\u00bb text_text_color=\u00bbgcid-ca8b37bd-0f44-4e9d-b0bd-c4a37284711c\u00bb text_font_size=\u00bb20px\u00bb text_letter_spacing=\u00bb0em\u00bb text_line_height=\u00bb1.6em\u00bb custom_margin=\u00bb||11px|||\u00bb text_font_size_phone=\u00bb16px\u00bb global_colors_info=\u00bb{%22gcid-ca8b37bd-0f44-4e9d-b0bd-c4a37284711c%22:%91%22text_text_color%22%93}\u00bb]<p>3. \u00bfSer\u00e1 obligatoria la instalaci\u00f3n de v\u00e1lvulas termost\u00e1ticas, as\u00ed como realizar actuaciones sobre el equilibrado hidr\u00e1ulico de la instalaci\u00f3n?<\/p>[\/et_pb_text][et_pb_text _builder_version=\u00bb4.25.1&#8243; _module_preset=\u00bb56278255-1d38-4096-b67b-74d3c10c1313&#8243; text_font=\u00bbPoppins||||||||\u00bb text_text_color=\u00bbgcid-ca8b37bd-0f44-4e9d-b0bd-c4a37284711c\u00bb text_letter_spacing=\u00bb0em\u00bb text_line_height=\u00bb1.6em\u00bb text_font_size_phone=\u00bb16px\u00bb global_colors_info=\u00bb{%22gcid-ca8b37bd-0f44-4e9d-b0bd-c4a37284711c%22:%91%22text_text_color%22%93}\u00bb]<p><span>El Real Decreto determina que cada vivienda deber\u00e1 disponer de alg\u00fan sistema de regulaci\u00f3n que permita controlar el consumo, sea manual o autom\u00e1tico. Por ello, la tipolog\u00eda de dicho sistema no queda especificada en la normativa, de manera que,\u00a0<\/span><strong>aunque es recomendable su instalaci\u00f3n, no es obligatoria<\/strong><span>.<\/span><\/p>[\/et_pb_text][\/et_pb_column][\/et_pb_row][et_pb_row _builder_version=\u00bb4.25.1&#8243; _module_preset=\u00bbdefault\u00bb custom_padding=\u00bb5px||50px||false|false\u00bb global_colors_info=\u00bb{}\u00bb][et_pb_column type=\u00bb4_4&#8243; _builder_version=\u00bb4.25.1&#8243; _module_preset=\u00bbdefault\u00bb global_colors_info=\u00bb{}\u00bb][et_pb_text _builder_version=\u00bb4.25.1&#8243; _module_preset=\u00bb56278255-1d38-4096-b67b-74d3c10c1313&#8243; text_font=\u00bbPoppins|600|||||||\u00bb text_text_color=\u00bbgcid-ca8b37bd-0f44-4e9d-b0bd-c4a37284711c\u00bb text_font_size=\u00bb20px\u00bb text_letter_spacing=\u00bb0em\u00bb text_line_height=\u00bb1.6em\u00bb custom_margin=\u00bb||11px|||\u00bb text_font_size_phone=\u00bb16px\u00bb global_colors_info=\u00bb{%22gcid-ca8b37bd-0f44-4e9d-b0bd-c4a37284711c%22:%91%22text_text_color%22%93}\u00bb]4. \u00bfQu\u00e9 tipo de dispositivos de medici\u00f3n permite el Real Decreto?[\/et_pb_text][et_pb_text _builder_version=\u00bb4.25.1&#8243; _module_preset=\u00bb56278255-1d38-4096-b67b-74d3c10c1313&#8243; text_font=\u00bbPoppins||||||||\u00bb text_text_color=\u00bbgcid-ca8b37bd-0f44-4e9d-b0bd-c4a37284711c\u00bb text_letter_spacing=\u00bb0em\u00bb text_line_height=\u00bb1.6em\u00bb text_font_size_phone=\u00bb16px\u00bb global_colors_info=\u00bb{%22gcid-ca8b37bd-0f44-4e9d-b0bd-c4a37284711c%22:%91%22text_text_color%22%93}\u00bb]<p><span>Desde la entrada en vigor del RD, los \u00fanicos sistemas de contabilizaci\u00f3n v\u00e1lidos son los contadores de energ\u00eda y los repartidores de costes. Cualquier otro sistema, como los contadores de horas que siguen actualmente instalados en muchas comunidades, <strong>no est\u00e1n permitidos y se deben sustituir.<\/strong><\/span><\/p>[\/et_pb_text][\/et_pb_column][\/et_pb_row][et_pb_row _builder_version=\u00bb4.25.1&#8243; _module_preset=\u00bbdefault\u00bb custom_padding=\u00bb5px||50px||false|false\u00bb global_colors_info=\u00bb{}\u00bb][et_pb_column type=\u00bb4_4&#8243; _builder_version=\u00bb4.25.1&#8243; _module_preset=\u00bbdefault\u00bb global_colors_info=\u00bb{}\u00bb][et_pb_text _builder_version=\u00bb4.25.1&#8243; _module_preset=\u00bb56278255-1d38-4096-b67b-74d3c10c1313&#8243; text_font=\u00bbPoppins|600|||||||\u00bb text_text_color=\u00bbgcid-ca8b37bd-0f44-4e9d-b0bd-c4a37284711c\u00bb text_font_size=\u00bb20px\u00bb text_letter_spacing=\u00bb0em\u00bb text_line_height=\u00bb1.6em\u00bb custom_margin=\u00bb||11px|||\u00bb text_font_size_phone=\u00bb16px\u00bb global_colors_info=\u00bb{%22gcid-ca8b37bd-0f44-4e9d-b0bd-c4a37284711c%22:%91%22text_text_color%22%93}\u00bb]5. \u00bfQu\u00e9 edificios quedan excluidos de la obligatoriedad de instalar repartidores de costes o contadores?[\/et_pb_text][et_pb_text _builder_version=\u00bb4.25.1&#8243; _module_preset=\u00bb56278255-1d38-4096-b67b-74d3c10c1313&#8243; text_font=\u00bbPoppins||||||||\u00bb text_text_color=\u00bbgcid-ca8b37bd-0f44-4e9d-b0bd-c4a37284711c\u00bb text_letter_spacing=\u00bb0em\u00bb text_line_height=\u00bb1.6em\u00bb text_font_size_phone=\u00bb16px\u00bb global_colors_info=\u00bb{%22gcid-ca8b37bd-0f44-4e9d-b0bd-c4a37284711c%22:%91%22text_text_color%22%93}\u00bb]Aquellos que est\u00e1n en las zonas clim\u00e1ticas A y B (B\u00e1sicamente islas Canarias y Baleares y las zonas del litoral mediterr\u00e1neo) quedan excluidos.\n\nLos edificios situados en las zonas C, D o E y que dispongan de un sistema de distribuci\u00f3n de calefacci\u00f3n por radiadores (En anillo o en columnas) estar\u00e1n sujetos a la obligaci\u00f3n salvo que se demuestre previa presentaci\u00f3n de un presupuesto (Incluido en el Anexo II del RD) que la instalaci\u00f3n de los contadores\/repartidores de costes no es rentable.\n\nSe consideran rentables inversiones que tengan un plazo de amortizaci\u00f3n inferior a 4 a\u00f1os.\n\nQuedan exentos aquellos edificios dentro de estas zonas que tengan un sistema de calefacci\u00f3n que no permita la medici\u00f3n (Radiadores monotubo en serie, climatizaci\u00f3n por aire, transmisores de vapor, etc.).[\/et_pb_text][et_pb_image src=\u00bbhttps:\/\/www.usanca.com\/wp-content\/uploads\/2024\/06\/mapazonas.jpg\u00bb title_text=\u00bbmapazonas\u00bb show_in_lightbox=\u00bbon\u00bb _builder_version=\u00bb4.25.1&#8243; _module_preset=\u00bbdefault\u00bb border_radii=\u00bbon|10px|10px|10px|10px\u00bb global_colors_info=\u00bb{}\u00bb][\/et_pb_image][\/et_pb_column][\/et_pb_row][et_pb_row _builder_version=\u00bb4.25.1&#8243; _module_preset=\u00bbdefault\u00bb custom_padding=\u00bb5px||50px||false|false\u00bb global_colors_info=\u00bb{}\u00bb][et_pb_column type=\u00bb4_4&#8243; _builder_version=\u00bb4.25.1&#8243; _module_preset=\u00bbdefault\u00bb global_colors_info=\u00bb{}\u00bb][et_pb_text _builder_version=\u00bb4.25.1&#8243; _module_preset=\u00bb56278255-1d38-4096-b67b-74d3c10c1313&#8243; text_font=\u00bbPoppins|600|||||||\u00bb text_text_color=\u00bbgcid-ca8b37bd-0f44-4e9d-b0bd-c4a37284711c\u00bb text_font_size=\u00bb20px\u00bb text_letter_spacing=\u00bb0em\u00bb text_line_height=\u00bb1.6em\u00bb custom_margin=\u00bb||11px|||\u00bb text_font_size_phone=\u00bb16px\u00bb global_colors_info=\u00bb{%22gcid-ca8b37bd-0f44-4e9d-b0bd-c4a37284711c%22:%91%22text_text_color%22%93}\u00bb]6. \u00bfCu\u00e1nto tiempo tienen los edificios para adaptarse a la norma?[\/et_pb_text][et_pb_text _builder_version=\u00bb4.25.1&#8243; _module_preset=\u00bb56278255-1d38-4096-b67b-74d3c10c1313&#8243; text_font=\u00bbPoppins||||||||\u00bb text_text_color=\u00bbgcid-ca8b37bd-0f44-4e9d-b0bd-c4a37284711c\u00bb text_letter_spacing=\u00bb0em\u00bb text_line_height=\u00bb1.6em\u00bb text_font_size_phone=\u00bb16px\u00bb global_colors_info=\u00bb{%22gcid-ca8b37bd-0f44-4e9d-b0bd-c4a37284711c%22:%91%22text_text_color%22%93}\u00bb]Los plazos l\u00edmite para la instalaci\u00f3n de los contadores dependen de la Zona Clim\u00e1tica en la que se encuentre el edificio.\n\nEl RD tambi\u00e9n establece que las comunidades de propietarios deben instalar contadores individuales de calefacci\u00f3n o repartidores de costes por lectura remota. La fecha l\u00edmite para pedir presupuesto a un instalador autorizado se muestran en la siguiente tabla:[\/et_pb_text][et_pb_image src=\u00bbhttps:\/\/www.usanca.com\/wp-content\/uploads\/2024\/06\/tablazonas.png\u00bb title_text=\u00bbtablazonas\u00bb show_in_lightbox=\u00bbon\u00bb _builder_version=\u00bb4.25.1&#8243; _module_preset=\u00bbdefault\u00bb global_colors_info=\u00bb{}\u00bb][\/et_pb_image][\/et_pb_column][\/et_pb_row][et_pb_row _builder_version=\u00bb4.25.1&#8243; _module_preset=\u00bbdefault\u00bb custom_padding=\u00bb5px||50px||false|false\u00bb global_colors_info=\u00bb{}\u00bb][et_pb_column type=\u00bb4_4&#8243; _builder_version=\u00bb4.25.1&#8243; _module_preset=\u00bbdefault\u00bb global_colors_info=\u00bb{}\u00bb][et_pb_text _builder_version=\u00bb4.25.1&#8243; _module_preset=\u00bb56278255-1d38-4096-b67b-74d3c10c1313&#8243; text_font=\u00bbPoppins|600|||||||\u00bb text_text_color=\u00bbgcid-ca8b37bd-0f44-4e9d-b0bd-c4a37284711c\u00bb text_font_size=\u00bb20px\u00bb text_letter_spacing=\u00bb0em\u00bb text_line_height=\u00bb1.6em\u00bb custom_margin=\u00bb||11px|||\u00bb text_font_size_phone=\u00bb16px\u00bb global_colors_info=\u00bb{%22gcid-ca8b37bd-0f44-4e9d-b0bd-c4a37284711c%22:%91%22text_text_color%22%93}\u00bb]7. \u00bfQui\u00e9n puede instalar contadores\/repartidores?[\/et_pb_text][et_pb_text _builder_version=\u00bb4.25.1&#8243; _module_preset=\u00bb56278255-1d38-4096-b67b-74d3c10c1313&#8243; text_font=\u00bbPoppins||||||||\u00bb text_text_color=\u00bbgcid-ca8b37bd-0f44-4e9d-b0bd-c4a37284711c\u00bb text_letter_spacing=\u00bb0em\u00bb text_line_height=\u00bb1.6em\u00bb text_font_size_phone=\u00bb16px\u00bb global_colors_info=\u00bb{%22gcid-ca8b37bd-0f44-4e9d-b0bd-c4a37284711c%22:%91%22text_text_color%22%93}\u00bb]Empresas acreditadas como mantenedoras o instaladoras de instalaciones t\u00e9rmicas.[\/et_pb_text][\/et_pb_column][\/et_pb_row][et_pb_row _builder_version=\u00bb4.25.1&#8243; _module_preset=\u00bbdefault\u00bb custom_padding=\u00bb5px||50px||false|false\u00bb global_colors_info=\u00bb{}\u00bb][et_pb_column type=\u00bb4_4&#8243; _builder_version=\u00bb4.25.1&#8243; _module_preset=\u00bbdefault\u00bb global_colors_info=\u00bb{}\u00bb][et_pb_text _builder_version=\u00bb4.25.1&#8243; _module_preset=\u00bb56278255-1d38-4096-b67b-74d3c10c1313&#8243; text_font=\u00bbPoppins|600|||||||\u00bb text_text_color=\u00bbgcid-ca8b37bd-0f44-4e9d-b0bd-c4a37284711c\u00bb text_font_size=\u00bb20px\u00bb text_letter_spacing=\u00bb0em\u00bb text_line_height=\u00bb1.6em\u00bb custom_margin=\u00bb||11px|||\u00bb text_font_size_phone=\u00bb16px\u00bb global_colors_info=\u00bb{%22gcid-ca8b37bd-0f44-4e9d-b0bd-c4a37284711c%22:%91%22text_text_color%22%93}\u00bb]8. \u00bfHabr\u00e1 multas?[\/et_pb_text][et_pb_text _builder_version=\u00bb4.25.1&#8243; _module_preset=\u00bb56278255-1d38-4096-b67b-74d3c10c1313&#8243; text_font=\u00bbPoppins||||||||\u00bb text_text_color=\u00bbgcid-ca8b37bd-0f44-4e9d-b0bd-c4a37284711c\u00bb text_letter_spacing=\u00bb0em\u00bb text_line_height=\u00bb1.6em\u00bb text_font_size_phone=\u00bb16px\u00bb global_colors_info=\u00bb{%22gcid-ca8b37bd-0f44-4e9d-b0bd-c4a37284711c%22:%91%22text_text_color%22%93}\u00bb]<p><strong>S\u00ed.<\/strong> El art\u00edculo 10 del Real Decreto establece el r\u00e9gimen sancionador aplicable. Las multas ser\u00e1n de <strong>entre 1.000 y 10.000 \u20ac<\/strong> si no se cumple con lo dispuesto en el mismo Real Decreto, siendo las comunidades aut\u00f3nomas las responsables de inspeccionar y multar, en su caso.<\/p>\n<p>El titular (Comunidad de Propietarios o el due\u00f1o del edificio) es el responsable de que se cumpla lo dispuesto en el Real Decreto.<\/p>[\/et_pb_text][\/et_pb_column][\/et_pb_row][et_pb_row _builder_version=\u00bb4.25.1&#8243; _module_preset=\u00bbdefault\u00bb custom_padding=\u00bb5px||50px||false|false\u00bb global_colors_info=\u00bb{}\u00bb][et_pb_column type=\u00bb4_4&#8243; _builder_version=\u00bb4.25.1&#8243; _module_preset=\u00bbdefault\u00bb global_colors_info=\u00bb{}\u00bb][et_pb_text _builder_version=\u00bb4.25.1&#8243; _module_preset=\u00bb56278255-1d38-4096-b67b-74d3c10c1313&#8243; text_font=\u00bbPoppins|600|||||||\u00bb text_text_color=\u00bbgcid-ca8b37bd-0f44-4e9d-b0bd-c4a37284711c\u00bb text_font_size=\u00bb20px\u00bb text_letter_spacing=\u00bb0em\u00bb text_line_height=\u00bb1.6em\u00bb custom_margin=\u00bb||11px|||\u00bb text_font_size_phone=\u00bb16px\u00bb global_colors_info=\u00bb{%22gcid-ca8b37bd-0f44-4e9d-b0bd-c4a37284711c%22:%91%22text_text_color%22%93}\u00bb]9. Lectura, gesti\u00f3n de consumos y reparto de costes[\/et_pb_text][et_pb_text _builder_version=\u00bb4.25.1&#8243; _module_preset=\u00bb56278255-1d38-4096-b67b-74d3c10c1313&#8243; text_font=\u00bbPoppins||||||||\u00bb text_text_color=\u00bbgcid-ca8b37bd-0f44-4e9d-b0bd-c4a37284711c\u00bb text_letter_spacing=\u00bb0em\u00bb text_line_height=\u00bb1.6em\u00bb text_font_size_phone=\u00bb16px\u00bb global_colors_info=\u00bb{%22gcid-ca8b37bd-0f44-4e9d-b0bd-c4a37284711c%22:%91%22text_text_color%22%93}\u00bb]Una vez la Comunidad de Propietarios, previa presentaci\u00f3n del presupuesto de instalaci\u00f3n y posterior instalaci\u00f3n de los medidores contemplados en el RD, estos deber\u00e1n ser gestionados, ya sea por el propio titular o por una empresa especializada. Esta gesti\u00f3n incluye la lectura de los dispositivos, garantizar su buen funcionamiento, el c\u00e1lculo del consumo real de cada vivienda, la realizaci\u00f3n de las liquidaciones individuales peri\u00f3dicas, etc.\n\nLa frecuencia m\u00ednima en la que los vecinos recibir\u00e1n las liquidaciones depender\u00e1 de si el contador es de lectura remota o todav\u00eda es de lectura manual.[\/et_pb_text][et_pb_image src=\u00bbhttps:\/\/www.usanca.com\/wp-content\/uploads\/2024\/06\/tablalecturas.png\u00bb title_text=\u00bbtablalecturas\u00bb show_in_lightbox=\u00bbon\u00bb _builder_version=\u00bb4.25.1&#8243; _module_preset=\u00bbdefault\u00bb custom_margin=\u00bb||1px|||\u00bb global_colors_info=\u00bb{}\u00bb][\/et_pb_image][et_pb_text _builder_version=\u00bb4.25.1&#8243; _module_preset=\u00bb56278255-1d38-4096-b67b-74d3c10c1313&#8243; text_font=\u00bbPoppins||||||||\u00bb text_text_color=\u00bbgcid-ca8b37bd-0f44-4e9d-b0bd-c4a37284711c\u00bb text_letter_spacing=\u00bb0em\u00bb text_line_height=\u00bb1.6em\u00bb text_font_size_phone=\u00bb16px\u00bb global_colors_info=\u00bb{%22gcid-ca8b37bd-0f44-4e9d-b0bd-c4a37284711c%22:%91%22text_text_color%22%93}\u00bb]Las liquidaciones individuales de calefacci\u00f3n que recibir\u00e1 cada vecino deber\u00e1n tener un componente fijo (reparto de costes comunes del edificio, como mantenimiento de calderas, calefacci\u00f3n de lugares comunes, p\u00e9rdidas, etc.) y un componente variable, que es el que depender\u00e1 del consumo que cada vecino realice en su vivienda. El Real Decreto sit\u00faa este componente variable entre el 60 % y el 75 % del coste total de calefacci\u00f3n.\n\nQuien realice la tarea de gesti\u00f3n y liquidaci\u00f3n de consumos individuales debe cumplir ciertos requisitos: tener oficina virtual gratuita, instalar y ser capaz de gestionar dispositivos con lectura remota e incluir toda la informaci\u00f3n exigida en sus liquidaciones, de acuerdo con lo dispuesto en el RD.\n\nLos dispositivos deber\u00e1n ser de lectura remota en 2027:[\/et_pb_text][et_pb_image src=\u00bbhttps:\/\/www.usanca.com\/wp-content\/uploads\/2024\/06\/guiaRDtic1.png\u00bb title_text=\u00bbguiaRDtic1&#8243; show_in_lightbox=\u00bbon\u00bb _builder_version=\u00bb4.25.1&#8243; _module_preset=\u00bbdefault\u00bb custom_margin=\u00bb||1px|||\u00bb global_colors_info=\u00bb{}\u00bb][\/et_pb_image][et_pb_image src=\u00bbhttps:\/\/www.usanca.com\/wp-content\/uploads\/2024\/06\/guiaRDtic2.png\u00bb title_text=\u00bbguiaRDtic2&#8243; show_in_lightbox=\u00bbon\u00bb _builder_version=\u00bb4.25.1&#8243; _module_preset=\u00bbdefault\u00bb custom_margin=\u00bb||1px|||\u00bb global_colors_info=\u00bb{}\u00bb][\/et_pb_image][\/et_pb_column][\/et_pb_row][et_pb_row _builder_version=\u00bb4.25.1&#8243; _module_preset=\u00bbdefault\u00bb custom_padding=\u00bb5px||50px||false|false\u00bb global_colors_info=\u00bb{}\u00bb][et_pb_column type=\u00bb4_4&#8243; _builder_version=\u00bb4.25.1&#8243; _module_preset=\u00bbdefault\u00bb global_colors_info=\u00bb{}\u00bb][et_pb_text _builder_version=\u00bb4.25.1&#8243; _module_preset=\u00bb56278255-1d38-4096-b67b-74d3c10c1313&#8243; text_font=\u00bbPoppins|600|||||||\u00bb text_text_color=\u00bbgcid-ca8b37bd-0f44-4e9d-b0bd-c4a37284711c\u00bb text_font_size=\u00bb20px\u00bb text_letter_spacing=\u00bb0em\u00bb text_line_height=\u00bb1.6em\u00bb custom_margin=\u00bb||29px|||\u00bb text_font_size_phone=\u00bb16px\u00bb global_colors_info=\u00bb{%22gcid-ca8b37bd-0f44-4e9d-b0bd-c4a37284711c%22:%91%22text_text_color%22%93}\u00bb]10. Informaci\u00f3n que debe contener la liquidaci\u00f3n individual de calefacci\u00f3n[\/et_pb_text][et_pb_image src=\u00bbhttps:\/\/www.usanca.com\/wp-content\/uploads\/2024\/06\/caracteristicasRD.png\u00bb title_text=\u00bbcaracteristicasRD\u00bb show_in_lightbox=\u00bbon\u00bb _builder_version=\u00bb4.25.1&#8243; _module_preset=\u00bbdefault\u00bb global_colors_info=\u00bb{}\u00bb][\/et_pb_image][\/et_pb_column][\/et_pb_row][\/et_pb_section][et_pb_section fb_built=\u00bb1&#8243; custom_padding_last_edited=\u00bbon|phone\u00bb admin_label=\u00bbFeatures\u00bb _builder_version=\u00bb4.25.1&#8243; _module_preset=\u00bbdefault\u00bb custom_padding=\u00bb10px|||||\u00bb custom_padding_tablet=\u00bb\u00bb custom_padding_phone=\u00bb||0px||false|false\u00bb locked=\u00bboff\u00bb collapsed=\u00bbon\u00bb global_colors_info=\u00bb{}\u00bb][et_pb_row _builder_version=\u00bb4.25.1&#8243; _module_preset=\u00bbdefault\u00bb custom_margin=\u00bb||0px||false|false\u00bb custom_padding=\u00bb||16px|||\u00bb locked=\u00bboff\u00bb global_colors_info=\u00bb{}\u00bb][et_pb_column type=\u00bb4_4&#8243; _builder_version=\u00bb4.18.1&#8243; _module_preset=\u00bbdefault\u00bb global_colors_info=\u00bb{}\u00bb][et_pb_text _builder_version=\u00bb4.25.1&#8243; _module_preset=\u00bbf0236a03-3166-4cee-9b43-21b564088dda\u00bb header_2_font=\u00bbPoppins||||||||\u00bb text_orientation=\u00bbcenter\u00bb custom_margin=\u00bb||10px||false|false\u00bb global_colors_info=\u00bb{}\u00bb header_2_text_align=\u00bbleft\u00bb header_2_font_size=\u00bb35px\u00bb]<h2 style=\"text-align: left;\">Descarga de documentos<\/h2>[\/et_pb_text][\/et_pb_column][\/et_pb_row][et_pb_row column_structure=\u00bb1_2,1_2&#8243; use_custom_gutter=\u00bbon\u00bb make_equal=\u00bbon\u00bb _builder_version=\u00bb4.25.1&#8243; _module_preset=\u00bbdefault\u00bb custom_padding=\u00bb0px|||||\u00bb global_colors_info=\u00bb{}\u00bb][et_pb_column type=\u00bb1_2&#8243; _builder_version=\u00bb4.25.1&#8243; _module_preset=\u00bbdefault\u00bb background_color=\u00bb#FFFFFF\u00bb custom_padding=\u00bb20px|20px|20px|20px|true|true\u00bb animation_style=\u00bbslide\u00bb animation_delay=\u00bb500ms\u00bb animation_intensity_slide=\u00bb4%\u00bb border_radii=\u00bbon|10px|10px|10px|10px\u00bb border_width_all=\u00bb1px\u00bb border_color_all=\u00bb#000000&#8243; global_colors_info=\u00bb{}\u00bb][et_pb_image src=\u00bbhttps:\/\/www.usanca.com\/wp-content\/uploads\/2024\/06\/guiaRD.jpg\u00bb title_text=\u00bbguiaRD\u00bb url=\u00bbhttps:\/\/www.usanca.com\/wp-content\/uploads\/2024\/06\/guia-practica-RD.pdf\u00bb url_new_window=\u00bbon\u00bb _builder_version=\u00bb4.25.1&#8243; _module_preset=\u00bbdefault\u00bb global_colors_info=\u00bb{}\u00bb][\/et_pb_image][et_pb_text _builder_version=\u00bb4.25.1&#8243; _module_preset=\u00bb16895487-5ced-4845-9d15-7499f107adca\u00bb header_3_font=\u00bbPoppins||||||||\u00bb global_colors_info=\u00bb{}\u00bb]<h3>GU\u00cdA PR\u00c1CTICA DEL REAL DECRETO<\/h3>[\/et_pb_text][et_pb_text _builder_version=\u00bb4.25.1&#8243; _module_preset=\u00bb56278255-1d38-4096-b67b-74d3c10c1313&#8243; text_font=\u00bbPoppins|300|||||||\u00bb text_text_color=\u00bbgcid-ca8b37bd-0f44-4e9d-b0bd-c4a37284711c\u00bb text_font_size=\u00bb18px\u00bb text_line_height=\u00bb1.6em\u00bb text_font_size_phone=\u00bb16px\u00bb global_colors_info=\u00bb{%22gcid-ca8b37bd-0f44-4e9d-b0bd-c4a37284711c%22:%91%22text_text_color%22%93}\u00bb]<span>Gu\u00eda Explicativa del Real Decreto 736\/2020 de contabilizaci\u00f3n de consumos individuales en instalaciones t\u00e9rmicas de edificios<\/span>[\/et_pb_text][et_pb_button button_url=\u00bbhttps:\/\/www.usanca.com\/wp-content\/uploads\/2024\/06\/guia-practica-RD.pdf\u00bb url_new_window=\u00bbon\u00bb button_text=\u00bbDESCARGAR\u00bb _builder_version=\u00bb4.25.1&#8243; _module_preset=\u00bbb5c34f9d-0938-41c6-a32f-5462b199a228&#8243; button_text_size=\u00bb16px\u00bb button_text_color=\u00bb#FFFFFF\u00bb button_bg_color_gradient_stops=\u00bb#c61c1f 20%|#681a16 81%\u00bb button_font=\u00bbPoppins|600||on|||||\u00bb custom_margin=\u00bb30px||||false|false\u00bb locked=\u00bboff\u00bb global_colors_info=\u00bb{}\u00bb][\/et_pb_button][\/et_pb_column][et_pb_column type=\u00bb1_2&#8243; _builder_version=\u00bb4.25.1&#8243; _module_preset=\u00bbdefault\u00bb custom_padding=\u00bb20px|20px|20px|20px|true|true\u00bb animation_style=\u00bbslide\u00bb animation_delay=\u00bb700ms\u00bb animation_intensity_slide=\u00bb4%\u00bb border_radii=\u00bbon|10px|10px|10px|10px\u00bb border_width_all=\u00bb1px\u00bb border_color_all=\u00bb#000000&#8243; global_colors_info=\u00bb{}\u00bb][et_pb_image src=\u00bbhttps:\/\/www.usanca.com\/wp-content\/uploads\/2024\/06\/boeRD.jpg\u00bb title_text=\u00bbboeRD\u00bb url=\u00bbhttps:\/\/www.usanca.com\/wp-content\/uploads\/2024\/06\/BOE-A-2020-9272.pdf\u00bb url_new_window=\u00bbon\u00bb _builder_version=\u00bb4.25.1&#8243; _module_preset=\u00bbdefault\u00bb global_colors_info=\u00bb{}\u00bb][\/et_pb_image][et_pb_text _builder_version=\u00bb4.25.1&#8243; _module_preset=\u00bb16895487-5ced-4845-9d15-7499f107adca\u00bb header_3_font=\u00bbPoppins||||||||\u00bb global_colors_info=\u00bb{}\u00bb]<h3>REAL DECRETO<\/h3>[\/et_pb_text][et_pb_text _builder_version=\u00bb4.25.1&#8243; _module_preset=\u00bb56278255-1d38-4096-b67b-74d3c10c1313&#8243; text_font=\u00bbPoppins|300|||||||\u00bb text_text_color=\u00bbgcid-ca8b37bd-0f44-4e9d-b0bd-c4a37284711c\u00bb text_font_size=\u00bb18px\u00bb text_line_height=\u00bb1.6em\u00bb text_font_size_phone=\u00bb16px\u00bb global_colors_info=\u00bb{%22gcid-ca8b37bd-0f44-4e9d-b0bd-c4a37284711c%22:%91%22text_text_color%22%93}\u00bb]Texto oficial del Real Decreto 736\/2020 de contabilizaci\u00f3n de consumos individuales en instalaciones t\u00e9rmicas de edificios[\/et_pb_text][et_pb_button button_url=\u00bbhttps:\/\/www.usanca.com\/wp-content\/uploads\/2024\/06\/BOE-A-2020-9272.pdf\u00bb url_new_window=\u00bbon\u00bb button_text=\u00bbDESCARGAR\u00bb _builder_version=\u00bb4.25.1&#8243; _module_preset=\u00bbb5c34f9d-0938-41c6-a32f-5462b199a228&#8243; button_text_size=\u00bb16px\u00bb button_text_color=\u00bb#FFFFFF\u00bb button_bg_color_gradient_stops=\u00bb#c61c1f 20%|#681a16 81%\u00bb button_font=\u00bbPoppins|600||on|||||\u00bb custom_margin=\u00bb30px||||false|false\u00bb locked=\u00bboff\u00bb global_colors_info=\u00bb{}\u00bb][\/et_pb_button][\/et_pb_column][\/et_pb_row][\/et_pb_section][et_pb_section fb_built=\u00bb1&#8243; module_id=\u00bbcontacto\u00bb _builder_version=\u00bb4.25.1&#8243; _module_preset=\u00bbdefault\u00bb background_image=\u00bbhttps:\/\/www.usanca.com\/wp-content\/uploads\/2024\/06\/fondo-formularios.jpg\u00bb custom_padding=\u00bb||146px|||\u00bb global_module=\u00bb1239&#8243; global_colors_info=\u00bb{}\u00bb][et_pb_row custom_padding_last_edited=\u00bbon|phone\u00bb _builder_version=\u00bb4.25.1&#8243; _module_preset=\u00bbdefault\u00bb custom_padding_tablet=\u00bb\u00bb custom_padding_phone=\u00bb0px||0px||false|false\u00bb global_colors_info=\u00bb{}\u00bb][et_pb_column type=\u00bb4_4&#8243; _builder_version=\u00bb4.25.1&#8243; _module_preset=\u00bbdefault\u00bb global_colors_info=\u00bb{}\u00bb][et_pb_text _builder_version=\u00bb4.25.1&#8243; _module_preset=\u00bbf0236a03-3166-4cee-9b43-21b564088dda\u00bb text_orientation=\u00bbcenter\u00bb custom_margin=\u00bb||10px||false|false\u00bb global_colors_info=\u00bb{}\u00bb]<h2>Estamos para ayudarte<\/h2>[\/et_pb_text][\/et_pb_column][\/et_pb_row][et_pb_row column_structure=\u00bb2_5,3_5&#8243; _builder_version=\u00bb4.25.1&#8243; _module_preset=\u00bbdefault\u00bb background_color=\u00bbrgba(255,255,255,0.83)\u00bb use_background_color_gradient=\u00bbon\u00bb background_color_gradient_stops=\u00bbrgba(43,135,218,0) 0%|#ffffff 100%\u00bb border_radii=\u00bbon|1px|1px|1px|1px\u00bb global_colors_info=\u00bb{%22gcid-3dbed7e9-e604-4a40-a739-2f710c22c6a0%22:%91%22background_color_gradient_stops%22%93,%22gcid-d2f77b17-b2d6-4bd9-8ae8-1f4c80ec1db5%22:%91%22background_color_gradient_stops%22%93}\u00bb][et_pb_column type=\u00bb2_5&#8243; _builder_version=\u00bb4.25.1&#8243; _module_preset=\u00bbdefault\u00bb global_colors_info=\u00bb{}\u00bb][et_pb_text _builder_version=\u00bb4.25.1&#8243; _module_preset=\u00bbf0236a03-3166-4cee-9b43-21b564088dda\u00bb header_2_text_align=\u00bbleft\u00bb header_2_font_size=\u00bb22px\u00bb header_2_line_height=\u00bb1.4em\u00bb header_3_font=\u00bbPoppins|600|||||||\u00bb header_3_text_align=\u00bbleft\u00bb header_3_line_height=\u00bb1.3em\u00bb text_orientation=\u00bbcenter\u00bb custom_margin=\u00bb||10px|35px|false|false\u00bb custom_margin_tablet=\u00bb||10px|20px|false|false\u00bb custom_margin_phone=\u00bb|10px|10px|10px|false|true\u00bb custom_margin_last_edited=\u00bbon|phone\u00bb global_colors_info=\u00bb{}\u00bb]<h3>\u00a1Cont\u00e1ctanos y mejora la eficiencia energ\u00e9tica de tus instalaciones!<\/h3>[\/et_pb_text][et_pb_text _builder_version=\u00bb4.25.1&#8243; _module_preset=\u00bb56278255-1d38-4096-b67b-74d3c10c1313&#8243; text_font=\u00bbPoppins|300|||||||\u00bb text_text_color=\u00bbgcid-ca8b37bd-0f44-4e9d-b0bd-c4a37284711c\u00bb text_font_size=\u00bb18px\u00bb text_line_height=\u00bb1.6em\u00bb custom_margin=\u00bb|||35px|false|false\u00bb custom_margin_tablet=\u00bb|||20px|false|false\u00bb custom_margin_phone=\u00bb|10px||10px|false|true\u00bb custom_margin_last_edited=\u00bbon|phone\u00bb text_font_size_phone=\u00bb16px\u00bb global_colors_info=\u00bb{%22gcid-ca8b37bd-0f44-4e9d-b0bd-c4a37284711c%22:%91%22text_text_color%22%93}\u00bb]<p><span>En USANCA METERING SOLUTIONS estamos listos para ayudarte a optimizar tus consumos de calefacci\u00f3n, climatizaci\u00f3n, agua y electricidad. Convi\u00e9rtete en parte de nuestra red de smart metering y descubre c\u00f3mo nuestros datos pueden hacer tu vida m\u00e1s eficiente y sostenible.<\/span><\/p>[\/et_pb_text][\/et_pb_column][et_pb_column type=\u00bb3_5&#8243; _builder_version=\u00bb4.25.1&#8243; _module_preset=\u00bbdefault\u00bb global_colors_info=\u00bb{}\u00bb][et_pb_contact_form email=\u00bbinfo@usanca.com\u00bb custom_message=\u00bbFormulario Contacto||et_pb_line_break_holder||||et_pb_line_break_holder||Nombre: %%Nombre%%||et_pb_line_break_holder||Email: %%Email%%||et_pb_line_break_holder||Mensaje: %%Mensaje%%\u00bb _builder_version=\u00bb4.27.0&#8243; _module_preset=\u00bbdefault\u00bb _unique_id=\u00bbfbc9a415-ea6f-4383-afbb-fdd6903bddbe\u00bb form_field_background_color=\u00bb#efefef\u00bb form_field_text_color=\u00bb#494949&#8243; form_field_focus_text_color=\u00bb#494949&#8243; captcha_font=\u00bbPoppins||||||||\u00bb captcha_text_color=\u00bb#3d3d3d\u00bb form_field_font=\u00bbPoppins||||||||\u00bb form_field_font_size=\u00bb16px\u00bb custom_button=\u00bbon\u00bb button_text_size=\u00bb18px\u00bb button_text_color=\u00bb#FFFFFF\u00bb button_bg_color=\u00bb#FFFFFF\u00bb button_bg_use_color_gradient=\u00bbon\u00bb button_bg_color_gradient_direction=\u00bb131deg\u00bb button_bg_color_gradient_stops=\u00bbgcid-3dbed7e9-e604-4a40-a739-2f710c22c6a0 0%|gcid-d2f77b17-b2d6-4bd9-8ae8-1f4c80ec1db5 100%\u00bb button_border_width=\u00bb0px\u00bb button_border_radius=\u00bb10px\u00bb button_font=\u00bbPoppins|600||on|||||\u00bb custom_margin=\u00bb12px|40px|||false|false\u00bb custom_margin_tablet=\u00bb12px|20px||20px|false|true\u00bb custom_margin_phone=\u00bb|10px||10px|false|true\u00bb custom_margin_last_edited=\u00bbon|phone\u00bb custom_use_redirect=\u00bbon\u00bb custom_redirect_url=\u00bb\/gracias\/\u00bb border_radii=\u00bbon|10px|10px|10px|10px\u00bb global_colors_info=\u00bb{%22gcid-d2f77b17-b2d6-4bd9-8ae8-1f4c80ec1db5%22:%91%22button_bg_color_gradient_stops%22%93}\u00bb][et_pb_contact_field field_id=\u00bbNombre\u00bb field_title=\u00bbNombre\u00bb _builder_version=\u00bb4.25.1&#8243; global_colors_info=\u00bb{}\u00bb button_text_size__hover_enabled=\u00bboff\u00bb button_one_text_size__hover_enabled=\u00bboff\u00bb button_two_text_size__hover_enabled=\u00bboff\u00bb button_text_color__hover_enabled=\u00bboff\u00bb button_one_text_color__hover_enabled=\u00bboff\u00bb button_two_text_color__hover_enabled=\u00bboff\u00bb button_border_width__hover_enabled=\u00bboff\u00bb button_one_border_width__hover_enabled=\u00bboff\u00bb button_two_border_width__hover_enabled=\u00bboff\u00bb button_border_color__hover_enabled=\u00bboff\u00bb button_one_border_color__hover_enabled=\u00bboff\u00bb button_two_border_color__hover_enabled=\u00bboff\u00bb button_border_radius__hover_enabled=\u00bboff\u00bb button_one_border_radius__hover_enabled=\u00bboff\u00bb button_two_border_radius__hover_enabled=\u00bboff\u00bb button_letter_spacing__hover_enabled=\u00bboff\u00bb button_one_letter_spacing__hover_enabled=\u00bboff\u00bb button_two_letter_spacing__hover_enabled=\u00bboff\u00bb button_bg_color__hover_enabled=\u00bboff\u00bb button_one_bg_color__hover_enabled=\u00bboff\u00bb button_two_bg_color__hover_enabled=\u00bboff\u00bb][\/et_pb_contact_field][et_pb_contact_field field_id=\u00bbEmail\u00bb field_title=\u00bbE-mail\u00bb field_type=\u00bbemail\u00bb _builder_version=\u00bb4.25.1&#8243; global_colors_info=\u00bb{}\u00bb button_text_size__hover_enabled=\u00bboff\u00bb button_one_text_size__hover_enabled=\u00bboff\u00bb button_two_text_size__hover_enabled=\u00bboff\u00bb button_text_color__hover_enabled=\u00bboff\u00bb button_one_text_color__hover_enabled=\u00bboff\u00bb button_two_text_color__hover_enabled=\u00bboff\u00bb button_border_width__hover_enabled=\u00bboff\u00bb button_one_border_width__hover_enabled=\u00bboff\u00bb button_two_border_width__hover_enabled=\u00bboff\u00bb button_border_color__hover_enabled=\u00bboff\u00bb button_one_border_color__hover_enabled=\u00bboff\u00bb button_two_border_color__hover_enabled=\u00bboff\u00bb button_border_radius__hover_enabled=\u00bboff\u00bb button_one_border_radius__hover_enabled=\u00bboff\u00bb button_two_border_radius__hover_enabled=\u00bboff\u00bb button_letter_spacing__hover_enabled=\u00bboff\u00bb button_one_letter_spacing__hover_enabled=\u00bboff\u00bb button_two_letter_spacing__hover_enabled=\u00bboff\u00bb button_bg_color__hover_enabled=\u00bboff\u00bb button_one_bg_color__hover_enabled=\u00bboff\u00bb button_two_bg_color__hover_enabled=\u00bboff\u00bb][\/et_pb_contact_field][et_pb_contact_field field_id=\u00bbMensaje\u00bb field_title=\u00bbMensaje\u00bb field_type=\u00bbtext\u00bb fullwidth_field=\u00bbon\u00bb _builder_version=\u00bb4.25.1&#8243; global_colors_info=\u00bb{}\u00bb button_text_size__hover_enabled=\u00bboff\u00bb button_one_text_size__hover_enabled=\u00bboff\u00bb button_two_text_size__hover_enabled=\u00bboff\u00bb button_text_color__hover_enabled=\u00bboff\u00bb button_one_text_color__hover_enabled=\u00bboff\u00bb button_two_text_color__hover_enabled=\u00bboff\u00bb button_border_width__hover_enabled=\u00bboff\u00bb button_one_border_width__hover_enabled=\u00bboff\u00bb button_two_border_width__hover_enabled=\u00bboff\u00bb button_border_color__hover_enabled=\u00bboff\u00bb button_one_border_color__hover_enabled=\u00bboff\u00bb button_two_border_color__hover_enabled=\u00bboff\u00bb button_border_radius__hover_enabled=\u00bboff\u00bb button_one_border_radius__hover_enabled=\u00bboff\u00bb button_two_border_radius__hover_enabled=\u00bboff\u00bb button_letter_spacing__hover_enabled=\u00bboff\u00bb button_one_letter_spacing__hover_enabled=\u00bboff\u00bb button_two_letter_spacing__hover_enabled=\u00bboff\u00bb button_bg_color__hover_enabled=\u00bboff\u00bb button_one_bg_color__hover_enabled=\u00bboff\u00bb button_two_bg_color__hover_enabled=\u00bboff\u00bb][\/et_pb_contact_field][\/et_pb_contact_form][\/et_pb_column][\/et_pb_row][\/et_pb_section]\n","protected":false},"excerpt":{"rendered":"<p>Gu\u00eda pr\u00e1ctica del real decreto 736\/2020Contabilizaci\u00f3n de consumos individuales en instalaciones t\u00e9rmicas de edificios1. \u00bfCu\u00e1ndo entra en vigor el Real Decreto y qu\u00e9 Directivas transpone?El Real Decreto entr\u00f3 en vigor el\u00a07 de agosto de 2020, el d\u00eda siguiente a su publicaci\u00f3n en el BOE. Mediante este RD, se transpone la Directiva Europea 2012\/UE\/27 y 2018\/2002, [&hellip;]<\/p>\n","protected":false},"author":1,"featured_media":0,"parent":0,"menu_order":0,"comment_status":"closed","ping_status":"closed","template":"","meta":{"_et_pb_use_builder":"on","_et_pb_old_content":"","_et_gb_content_width":"","footnotes":""},"class_list":["post-542","page","type-page","status-publish","hentry"],"yoast_head":"<!-- This site is optimized with the Yoast SEO plugin v26.4 - https:\/\/yoast.com\/wordpress\/plugins\/seo\/ -->\n<title>Normativa sobre reparto y medici\u00f3n energ\u00e9tica | Usanca<\/title>\n<meta name=\"description\" content=\"Conoce la normativa vigente sobre eficiencia y reparto de consumos energ\u00e9ticos. Cumple con el Real Decreto 736\/2020 y directivas europeas.\" \/>\n<meta name=\"robots\" content=\"noindex, follow, max-snippet:-1, max-image-preview:large, max-video-preview:-1\" \/>\n<meta property=\"og:locale\" content=\"es_ES\" \/>\n<meta property=\"og:type\" content=\"article\" \/>\n<meta property=\"og:title\" content=\"Normativa sobre reparto y medici\u00f3n energ\u00e9tica | Usanca\" \/>\n<meta property=\"og:description\" content=\"Conoce la normativa vigente sobre eficiencia y reparto de consumos energ\u00e9ticos. Cumple con el Real Decreto 736\/2020 y directivas europeas.\" \/>\n<meta property=\"og:url\" content=\"https:\/\/www.usanca.com\/guia-practica-del-real-decreto\/\" \/>\n<meta property=\"og:site_name\" content=\"Usanca Metering Solutions\" \/>\n<meta property=\"article:modified_time\" content=\"2025-10-23T10:01:06+00:00\" \/>\n<meta property=\"og:image\" content=\"https:\/\/www.usanca.com\/version2025\/wp-content\/uploads\/2024\/05\/usanca-logo.png\" \/>\n\t<meta property=\"og:image:width\" content=\"413\" \/>\n\t<meta property=\"og:image:height\" content=\"112\" \/>\n\t<meta property=\"og:image:type\" content=\"image\/png\" \/>\n<meta name=\"twitter:card\" content=\"summary_large_image\" \/>\n<meta name=\"twitter:label1\" content=\"Tiempo de lectura\" \/>\n\t<meta name=\"twitter:data1\" content=\"6 minutos\" \/>\n<script type=\"application\/ld+json\" class=\"yoast-schema-graph\">{\"@context\":\"https:\/\/schema.org\",\"@graph\":[{\"@type\":\"WebPage\",\"@id\":\"https:\/\/www.usanca.com\/guia-practica-del-real-decreto\/\",\"url\":\"https:\/\/www.usanca.com\/guia-practica-del-real-decreto\/\",\"name\":\"Normativa sobre reparto y medici\u00f3n energ\u00e9tica | Usanca\",\"isPartOf\":{\"@id\":\"https:\/\/www.usanca.com\/version2025\/#website\"},\"datePublished\":\"2024-06-20T10:02:25+00:00\",\"dateModified\":\"2025-10-23T10:01:06+00:00\",\"description\":\"Conoce la normativa vigente sobre eficiencia y reparto de consumos energ\u00e9ticos. Cumple con el Real Decreto 736\/2020 y directivas europeas.\",\"breadcrumb\":{\"@id\":\"https:\/\/www.usanca.com\/guia-practica-del-real-decreto\/#breadcrumb\"},\"inLanguage\":\"es\",\"potentialAction\":[{\"@type\":\"ReadAction\",\"target\":[\"https:\/\/www.usanca.com\/guia-practica-del-real-decreto\/\"]}]},{\"@type\":\"BreadcrumbList\",\"@id\":\"https:\/\/www.usanca.com\/guia-practica-del-real-decreto\/#breadcrumb\",\"itemListElement\":[{\"@type\":\"ListItem\",\"position\":1,\"name\":\"Portada\",\"item\":\"https:\/\/www.usanca.com\/\"},{\"@type\":\"ListItem\",\"position\":2,\"name\":\"Gu\u00eda pr\u00e1ctica del real decreto\"}]},{\"@type\":\"WebSite\",\"@id\":\"https:\/\/www.usanca.com\/version2025\/#website\",\"url\":\"https:\/\/www.usanca.com\/version2025\/\",\"name\":\"Usanca Metering Solutions\",\"description\":\"Expertos en smart metering\",\"publisher\":{\"@id\":\"https:\/\/www.usanca.com\/version2025\/#organization\"},\"potentialAction\":[{\"@type\":\"SearchAction\",\"target\":{\"@type\":\"EntryPoint\",\"urlTemplate\":\"https:\/\/www.usanca.com\/version2025\/?s={search_term_string}\"},\"query-input\":{\"@type\":\"PropertyValueSpecification\",\"valueRequired\":true,\"valueName\":\"search_term_string\"}}],\"inLanguage\":\"es\"},{\"@type\":\"Organization\",\"@id\":\"https:\/\/www.usanca.com\/version2025\/#organization\",\"name\":\"Usanca Metering Solutions\",\"url\":\"https:\/\/www.usanca.com\/version2025\/\",\"logo\":{\"@type\":\"ImageObject\",\"inLanguage\":\"es\",\"@id\":\"https:\/\/www.usanca.com\/version2025\/#\/schema\/logo\/image\/\",\"url\":\"https:\/\/www.usanca.com\/wp-content\/uploads\/2024\/05\/usanca-logo.png\",\"contentUrl\":\"https:\/\/www.usanca.com\/wp-content\/uploads\/2024\/05\/usanca-logo.png\",\"width\":413,\"height\":112,\"caption\":\"Usanca Metering Solutions\"},\"image\":{\"@id\":\"https:\/\/www.usanca.com\/version2025\/#\/schema\/logo\/image\/\"}}]}<\/script>\n<!-- \/ Yoast SEO plugin. -->","yoast_head_json":{"title":"Normativa sobre reparto y medici\u00f3n energ\u00e9tica | Usanca","description":"Conoce la normativa vigente sobre eficiencia y reparto de consumos energ\u00e9ticos. Cumple con el Real Decreto 736\/2020 y directivas europeas.","robots":{"index":"noindex","follow":"follow","max-snippet":"max-snippet:-1","max-image-preview":"max-image-preview:large","max-video-preview":"max-video-preview:-1"},"og_locale":"es_ES","og_type":"article","og_title":"Normativa sobre reparto y medici\u00f3n energ\u00e9tica | Usanca","og_description":"Conoce la normativa vigente sobre eficiencia y reparto de consumos energ\u00e9ticos. Cumple con el Real Decreto 736\/2020 y directivas europeas.","og_url":"https:\/\/www.usanca.com\/guia-practica-del-real-decreto\/","og_site_name":"Usanca Metering Solutions","article_modified_time":"2025-10-23T10:01:06+00:00","og_image":[{"width":413,"height":112,"url":"https:\/\/www.usanca.com\/version2025\/wp-content\/uploads\/2024\/05\/usanca-logo.png","type":"image\/png"}],"twitter_card":"summary_large_image","twitter_misc":{"Tiempo de lectura":"6 minutos"},"schema":{"@context":"https:\/\/schema.org","@graph":[{"@type":"WebPage","@id":"https:\/\/www.usanca.com\/guia-practica-del-real-decreto\/","url":"https:\/\/www.usanca.com\/guia-practica-del-real-decreto\/","name":"Normativa sobre reparto y medici\u00f3n energ\u00e9tica | Usanca","isPartOf":{"@id":"https:\/\/www.usanca.com\/version2025\/#website"},"datePublished":"2024-06-20T10:02:25+00:00","dateModified":"2025-10-23T10:01:06+00:00","description":"Conoce la normativa vigente sobre eficiencia y reparto de consumos energ\u00e9ticos. Cumple con el Real Decreto 736\/2020 y directivas europeas.","breadcrumb":{"@id":"https:\/\/www.usanca.com\/guia-practica-del-real-decreto\/#breadcrumb"},"inLanguage":"es","potentialAction":[{"@type":"ReadAction","target":["https:\/\/www.usanca.com\/guia-practica-del-real-decreto\/"]}]},{"@type":"BreadcrumbList","@id":"https:\/\/www.usanca.com\/guia-practica-del-real-decreto\/#breadcrumb","itemListElement":[{"@type":"ListItem","position":1,"name":"Portada","item":"https:\/\/www.usanca.com\/"},{"@type":"ListItem","position":2,"name":"Gu\u00eda pr\u00e1ctica del real decreto"}]},{"@type":"WebSite","@id":"https:\/\/www.usanca.com\/version2025\/#website","url":"https:\/\/www.usanca.com\/version2025\/","name":"Usanca Metering Solutions","description":"Expertos en smart metering","publisher":{"@id":"https:\/\/www.usanca.com\/version2025\/#organization"},"potentialAction":[{"@type":"SearchAction","target":{"@type":"EntryPoint","urlTemplate":"https:\/\/www.usanca.com\/version2025\/?s={search_term_string}"},"query-input":{"@type":"PropertyValueSpecification","valueRequired":true,"valueName":"search_term_string"}}],"inLanguage":"es"},{"@type":"Organization","@id":"https:\/\/www.usanca.com\/version2025\/#organization","name":"Usanca Metering Solutions","url":"https:\/\/www.usanca.com\/version2025\/","logo":{"@type":"ImageObject","inLanguage":"es","@id":"https:\/\/www.usanca.com\/version2025\/#\/schema\/logo\/image\/","url":"https:\/\/www.usanca.com\/wp-content\/uploads\/2024\/05\/usanca-logo.png","contentUrl":"https:\/\/www.usanca.com\/wp-content\/uploads\/2024\/05\/usanca-logo.png","width":413,"height":112,"caption":"Usanca Metering Solutions"},"image":{"@id":"https:\/\/www.usanca.com\/version2025\/#\/schema\/logo\/image\/"}}]}},"_links":{"self":[{"href":"https:\/\/www.usanca.com\/version2025\/wp-json\/wp\/v2\/pages\/542","targetHints":{"allow":["GET"]}}],"collection":[{"href":"https:\/\/www.usanca.com\/version2025\/wp-json\/wp\/v2\/pages"}],"about":[{"href":"https:\/\/www.usanca.com\/version2025\/wp-json\/wp\/v2\/types\/page"}],"author":[{"embeddable":true,"href":"https:\/\/www.usanca.com\/version2025\/wp-json\/wp\/v2\/users\/1"}],"replies":[{"embeddable":true,"href":"https:\/\/www.usanca.com\/version2025\/wp-json\/wp\/v2\/comments?post=542"}],"version-history":[{"count":12,"href":"https:\/\/www.usanca.com\/version2025\/wp-json\/wp\/v2\/pages\/542\/revisions"}],"predecessor-version":[{"id":1648,"href":"https:\/\/www.usanca.com\/version2025\/wp-json\/wp\/v2\/pages\/542\/revisions\/1648"}],"wp:attachment":[{"href":"https:\/\/www.usanca.com\/version2025\/wp-json\/wp\/v2\/media?parent=542"}],"curies":[{"name":"wp","href":"https:\/\/api.w.org\/{rel}","templated":true}]}}